{"id":46,"date":"2021-12-04T19:45:06","date_gmt":"2021-12-04T19:45:06","guid":{"rendered":"https:\/\/forstteam.ch\/?page_id=46"},"modified":"2021-12-04T19:45:06","modified_gmt":"2021-12-04T19:45:06","slug":"adrian","status":"publish","type":"page","link":"https:\/\/forstteam.ch\/?page_id=46","title":{"rendered":"ADRIAN"},"content":{"rendered":"\n<div class=\"wp-block-image\"><figure class=\"aligncenter size-full\"><img loading=\"lazy\" decoding=\"async\" width=\"400\" height=\"500\" src=\"https:\/\/forstteam.ch\/wp-content\/uploads\/2021\/12\/adi.jpg\" alt=\"\" class=\"wp-image-47\" srcset=\"https:\/\/forstteam.ch\/wp-content\/uploads\/2021\/12\/adi.jpg 400w, https:\/\/forstteam.ch\/wp-content\/uploads\/2021\/12\/adi-240x300.jpg 240w\" sizes=\"auto, (max-width: 400px) 100vw, 400px\" \/><figcaption>Zust\u00e4ndig f\u00fcr Logistik<\/figcaption><\/figure><\/div>\n\n\n\n<p>Adrian Anner ist unser absoluter Allrounder und springt ein wo Not an Mann ist. Arbeitsabl\u00e4ufe werden durch ihn \u00fcberdacht und optimiert. Somit kennt unserer Team keine Leerl\u00e4ufe. Effizienz und Leistung sind unsere St\u00e4rken. Neben den Logistikt\u00e4tigkeiten h\u00e4lt er auch die Webpage auf dem neusten Stand.<\/p>\n","protected":false},"excerpt":{"rendered":"<p>Adrian Anner ist unser absoluter Allrounder und springt ein wo Not an Mann ist. Arbeitsabl\u00e4ufe werden durch ihn \u00fcberdacht und optimiert. Somit kennt unserer Team keine Leerl\u00e4ufe. Effizienz und Leistung sind unsere St\u00e4rken. Neben den Logistikt\u00e4tigkeiten h\u00e4lt er auch die Webpage auf dem neusten Stand.<\/p>\n","protected":false},"author":1,"featured_media":0,"parent":0,"menu_order":0,"comment_status":"closed","ping_status":"closed","template":"","meta":{"ngg_post_thumbnail":0,"footnotes":""},"class_list":["post-46","page","type-page","status-publish","hentry"],"_links":{"self":[{"href":"https:\/\/forstteam.ch\/index.php?rest_route=\/wp\/v2\/pages\/46","targetHints":{"allow":["GET"]}}],"collection":[{"href":"https:\/\/forstteam.ch\/index.php?rest_route=\/wp\/v2\/pages"}],"about":[{"href":"https:\/\/forstteam.ch\/index.php?rest_route=\/wp\/v2\/types\/page"}],"author":[{"embeddable":true,"href":"https:\/\/forstteam.ch\/index.php?rest_route=\/wp\/v2\/users\/1"}],"replies":[{"embeddable":true,"href":"https:\/\/forstteam.ch\/index.php?rest_route=%2Fwp%2Fv2%2Fcomments&post=46"}],"version-history":[{"count":1,"href":"https:\/\/forstteam.ch\/index.php?rest_route=\/wp\/v2\/pages\/46\/revisions"}],"predecessor-version":[{"id":48,"href":"https:\/\/forstteam.ch\/index.php?rest_route=\/wp\/v2\/pages\/46\/revisions\/48"}],"wp:attachment":[{"href":"https:\/\/forstteam.ch\/index.php?rest_route=%2Fwp%2Fv2%2Fmedia&parent=46"}],"curies":[{"name":"wp","href":"https:\/\/api.w.org\/{rel}","templated":true}]}}